{"id":183,"date":"2015-07-14T07:52:37","date_gmt":"2015-07-14T06:52:37","guid":{"rendered":"https:\/\/kinderopvanglittlepeople.nl\/?page_id=183"},"modified":"2024-10-25T08:27:43","modified_gmt":"2024-10-25T07:27:43","slug":"wildheuvel","status":"publish","type":"page","link":"https:\/\/www.kinderopvanglittlepeople.nl\/pl\/wildheuvel\/","title":{"rendered":"Lokalizacja Wild Hill"},"content":{"rendered":"<h2>Opieka nad dzie\u0107mi Little People<\/h2>\n<p>Opieka nad dzie\u0107mi Little People. Ten niewielki \u017c\u0142obek znajduje si\u0119 w pobli\u017cu szko\u0142y podstawowej, wzd\u0142u\u017c \u015bcie\u017cki rowerowej.<\/p>\n<p>Opieka nad dzie\u0107mi Little People koncentruje si\u0119 na rozwijaniu kreatywno\u015bci ka\u017cdego dziecka.<\/p>\n<p>Aby jak najlepiej pozna\u0107 nasze klimatyczne, niewielkie plac\u00f3wki opieki nad dzie\u0107mi, zapraszamy na osobiste wprowadzenie. Zapraszamy do um\u00f3wienia si\u0119 na niezobowi\u0105zuj\u0105ce spotkanie za pomoc\u0105 poni\u017cszego przycisku.<\/p>\n<h2>\n\t\tZesp\u00f3\u0142 tej lokalizacji\n\t<\/h2>\n\t<meta itemscope itemprop=\"mainEntityOfPage\" itemtype=\"https:\/\/schema.org\/WebPage\" itemid=\"http:\/\/11906\" content=\"Claire\" \/><meta itemprop=\"datePublished\" content=\"2022-03-15\" \/><meta itemprop=\"dateModified\" content=\"2024-06-03\" \/><meta itemprop=\"name\" content=\"Kinderopvang Little People\"\/><meta itemprop=\"url\" content=\"https:\/\/www.kinderopvanglittlepeople.nl\/author\/bestpoint\/\" \/><meta itemprop=\"name\" content=\"bestpoint\" \/><meta itemprop=\"url\" content=\"https:\/\/www.kinderopvanglittlepeople.nl\/wp-content\/uploads\/claire.jpg\" \/><meta itemprop=\"width\" content=\"531\" \/><meta itemprop=\"height\" content=\"709\" \/><meta itemprop=\"interactionType\" content=\"https:\/\/schema.org\/CommentAction\" \/><meta itemprop=\"userInteractionCount\" content=\"0\" \/>\n\t\t\t\t<a href=\"https:\/\/www.kinderopvanglittlepeople.nl\/pl\/medewerker\/claire\/\" target=\"_self\" itemprop=\"url\" rel=\"noopener\">\n\t\t\t\t<img loading=\"lazy\" decoding=\"async\" src=\"https:\/\/www.kinderopvanglittlepeople.nl\/wp-content\/uploads\/bb-plugin\/cache\/claire-portrait-cca0f553908e65e61badac168ba22492-.jpg\" alt=\"claire\" itemprop=\"image\" data-no-lazy=\"1\" height=\"709\" width=\"531\" title=\"claire\" onerror=\"this.style.display='none'\"  \/>\n\t\t\t\t<\/a>\n\t\t\t\t\t\t\t\t\t<h5 itemprop=\"headline\">\n\t\t\t\t\t\t\t\t\t\t\t\t\t<a href=\"https:\/\/www.kinderopvanglittlepeople.nl\/pl\/medewerker\/claire\/\" title=\"Claire\">\n\t\t\t\t\t\t\t\t\t\t\t\t\t\tClaire\t\t\t\t\t\t\t\t\t\t\t\t\t<\/a>\n\t\t\t\t\t\t\t\t\t\t\t<\/h5>\n    <a href=\"https:\/\/www.kinderopvanglittlepeople.nl\/pl\/medewerker\/claire\/\" title=\"Claire\">wi\u0119cej o mnie &gt; o Claire<\/a>\n\t<meta itemscope itemprop=\"mainEntityOfPage\" itemtype=\"https:\/\/schema.org\/WebPage\" itemid=\"http:\/\/11918\" content=\"Femke\" \/><meta itemprop=\"datePublished\" content=\"2022-03-15\" \/><meta itemprop=\"dateModified\" content=\"2024-06-03\" \/><meta itemprop=\"name\" content=\"Kinderopvang Little People\"\/><meta itemprop=\"url\" content=\"https:\/\/www.kinderopvanglittlepeople.nl\/author\/bestpoint\/\" \/><meta itemprop=\"name\" content=\"bestpoint\" \/><meta itemprop=\"url\" content=\"https:\/\/www.kinderopvanglittlepeople.nl\/wp-content\/uploads\/Femke-1.jpg\" \/><meta itemprop=\"width\" content=\"1366\" \/><meta itemprop=\"height\" content=\"2048\" \/><meta itemprop=\"interactionType\" content=\"https:\/\/schema.org\/CommentAction\" \/><meta itemprop=\"userInteractionCount\" content=\"0\" \/>\n\t\t\t\t<a href=\"https:\/\/www.kinderopvanglittlepeople.nl\/pl\/medewerker\/femke\/\" target=\"_self\" itemprop=\"url\" rel=\"noopener\">\n\t\t\t\t<img decoding=\"async\" src=\"https:\/\/www.kinderopvanglittlepeople.nl\/wp-content\/uploads\/bb-plugin\/cache\/Femke-1-768x1151-portrait-a359bb7366e858a6368b2c3f16196313-.jpg\" alt=\"Femke\" itemprop=\"image\" data-no-lazy=\"1\" title=\"Femke\" onerror=\"this.style.display='none'\"  \/>\n\t\t\t\t<\/a>\n\t\t\t\t\t\t\t\t\t<h5 itemprop=\"headline\">\n\t\t\t\t\t\t\t\t\t\t\t\t\t<a href=\"https:\/\/www.kinderopvanglittlepeople.nl\/pl\/medewerker\/femke\/\" title=\"Femke\">\n\t\t\t\t\t\t\t\t\t\t\t\t\t\tFemke\t\t\t\t\t\t\t\t\t\t\t\t\t<\/a>\n\t\t\t\t\t\t\t\t\t\t\t<\/h5>\n    <a href=\"https:\/\/www.kinderopvanglittlepeople.nl\/pl\/medewerker\/femke\/\" title=\"Femke\">wi\u0119cej o mnie &gt; o Femke<\/a>\n\t<meta itemscope itemprop=\"mainEntityOfPage\" itemtype=\"https:\/\/schema.org\/WebPage\" itemid=\"http:\/\/13049\" content=\"Genevieve\" \/><meta itemprop=\"datePublished\" content=\"2024-03-06\" \/><meta itemprop=\"dateModified\" content=\"2024-04-15\" \/><meta itemprop=\"name\" content=\"Kinderopvang Little People\"\/><meta itemprop=\"url\" content=\"https:\/\/www.kinderopvanglittlepeople.nl\/author\/kantoor\/\" \/><meta itemprop=\"name\" content=\"Debbie Beunis\" \/><meta itemprop=\"url\" content=\"https:\/\/www.kinderopvanglittlepeople.nl\/wp-content\/uploads\/genevieve.jpg\" \/><meta itemprop=\"width\" content=\"284\" \/><meta itemprop=\"height\" content=\"378\" \/><meta itemprop=\"interactionType\" content=\"https:\/\/schema.org\/CommentAction\" \/><meta itemprop=\"userInteractionCount\" content=\"0\" \/>\n\t\t\t\t<a href=\"https:\/\/www.kinderopvanglittlepeople.nl\/pl\/medewerker\/genevieve\/\" target=\"_self\" itemprop=\"url\" rel=\"noopener\">\n\t\t\t\t<img loading=\"lazy\" decoding=\"async\" src=\"https:\/\/www.kinderopvanglittlepeople.nl\/wp-content\/uploads\/bb-plugin\/cache\/genevieve-portrait-9d899267d1be1bca06be83468f3afdaa-.jpg\" alt=\"Genevieve\" itemprop=\"image\" data-no-lazy=\"1\" height=\"378\" width=\"284\" title=\"Genevieve\" onerror=\"this.style.display='none'\"  \/>\n\t\t\t\t<\/a>\n\t\t\t\t\t\t\t\t\t<h5 itemprop=\"headline\">\n\t\t\t\t\t\t\t\t\t\t\t\t\t<a href=\"https:\/\/www.kinderopvanglittlepeople.nl\/pl\/medewerker\/genevieve\/\" title=\"Genevieve\">\n\t\t\t\t\t\t\t\t\t\t\t\t\t\tGenevieve\t\t\t\t\t\t\t\t\t\t\t\t\t<\/a>\n\t\t\t\t\t\t\t\t\t\t\t<\/h5>\n    <a href=\"https:\/\/www.kinderopvanglittlepeople.nl\/pl\/medewerker\/genevieve\/\" title=\"Genevieve\">wi\u0119cej o mnie &gt; o Genevieve<\/a>\n\t<meta itemscope itemprop=\"mainEntityOfPage\" itemtype=\"https:\/\/schema.org\/WebPage\" itemid=\"http:\/\/12763\" content=\"Larissa\" \/><meta itemprop=\"datePublished\" content=\"2022-12-23\" \/><meta itemprop=\"dateModified\" content=\"2023-07-05\" \/><meta itemprop=\"name\" content=\"Kinderopvang Little People\"\/><meta itemprop=\"url\" content=\"https:\/\/www.kinderopvanglittlepeople.nl\/author\/kantoor\/\" \/><meta itemprop=\"name\" content=\"Debbie Beunis\" \/><meta itemprop=\"url\" content=\"https:\/\/www.kinderopvanglittlepeople.nl\/wp-content\/uploads\/Larissa-rotated.jpg\" \/><meta itemprop=\"width\" content=\"480\" \/><meta itemprop=\"height\" content=\"640\" \/><meta itemprop=\"interactionType\" content=\"https:\/\/schema.org\/CommentAction\" \/><meta itemprop=\"userInteractionCount\" content=\"0\" \/>\n\t\t\t\t<a href=\"https:\/\/www.kinderopvanglittlepeople.nl\/pl\/medewerker\/larissa\/\" target=\"_self\" itemprop=\"url\" rel=\"noopener\">\n\t\t\t\t<img loading=\"lazy\" decoding=\"async\" src=\"https:\/\/www.kinderopvanglittlepeople.nl\/wp-content\/uploads\/bb-plugin\/cache\/Larissa-rotated-portrait-74be68a776091a6b929e15c63b45e1b0-.jpg\" alt=\"Larissa\" itemprop=\"image\" data-no-lazy=\"1\" height=\"640\" width=\"480\" title=\"Larissa\" onerror=\"this.style.display='none'\"  \/>\n\t\t\t\t<\/a>\n\t\t\t\t\t\t\t\t\t<h5 itemprop=\"headline\">\n\t\t\t\t\t\t\t\t\t\t\t\t\t<a href=\"https:\/\/www.kinderopvanglittlepeople.nl\/pl\/medewerker\/larissa\/\" title=\"Larissa\">\n\t\t\t\t\t\t\t\t\t\t\t\t\t\tLarissa\t\t\t\t\t\t\t\t\t\t\t\t\t<\/a>\n\t\t\t\t\t\t\t\t\t\t\t<\/h5>\n    <a href=\"https:\/\/www.kinderopvanglittlepeople.nl\/pl\/medewerker\/larissa\/\" title=\"Larissa\">wi\u0119cej o mnie &gt; o Larissa<\/a>\n\t<meta itemscope itemprop=\"mainEntityOfPage\" itemtype=\"https:\/\/schema.org\/WebPage\" itemid=\"http:\/\/11925\" content=\"Lonneke\" \/><meta itemprop=\"datePublished\" content=\"2022-03-15\" \/><meta itemprop=\"dateModified\" content=\"2023-02-21\" \/><meta itemprop=\"name\" content=\"Kinderopvang Little People\"\/><meta itemprop=\"url\" content=\"https:\/\/www.kinderopvanglittlepeople.nl\/author\/bestpoint\/\" \/><meta itemprop=\"name\" content=\"bestpoint\" \/><meta itemprop=\"url\" content=\"https:\/\/www.kinderopvanglittlepeople.nl\/wp-content\/uploads\/lonneke.jpg\" \/><meta itemprop=\"width\" content=\"590\" \/><meta itemprop=\"height\" content=\"775\" \/><meta itemprop=\"interactionType\" content=\"https:\/\/schema.org\/CommentAction\" \/><meta itemprop=\"userInteractionCount\" content=\"0\" \/>\n\t\t\t\t<a href=\"https:\/\/www.kinderopvanglittlepeople.nl\/pl\/medewerker\/lonneke\/\" target=\"_self\" itemprop=\"url\" rel=\"noopener\">\n\t\t\t\t<img loading=\"lazy\" decoding=\"async\" src=\"https:\/\/www.kinderopvanglittlepeople.nl\/wp-content\/uploads\/bb-plugin\/cache\/lonneke-portrait-100356dbc7125b3a6e3a94b8290fb5a9-.jpg\" alt=\"lonneke\" itemprop=\"image\" data-no-lazy=\"1\" height=\"775\" width=\"590\" title=\"lonneke\" onerror=\"this.style.display='none'\"  \/>\n\t\t\t\t<\/a>\n\t\t\t\t\t\t\t\t\t<h5 itemprop=\"headline\">\n\t\t\t\t\t\t\t\t\t\t\t\t\t<a href=\"https:\/\/www.kinderopvanglittlepeople.nl\/pl\/medewerker\/lonneke\/\" title=\"Lonneke\">\n\t\t\t\t\t\t\t\t\t\t\t\t\t\tLonneke\t\t\t\t\t\t\t\t\t\t\t\t\t<\/a>\n\t\t\t\t\t\t\t\t\t\t\t<\/h5>\n    <a href=\"https:\/\/www.kinderopvanglittlepeople.nl\/pl\/medewerker\/lonneke\/\" title=\"Lonneke\">wi\u0119cej o mnie &gt; o Lonneke<\/a>\n\t<meta itemscope itemprop=\"mainEntityOfPage\" itemtype=\"https:\/\/schema.org\/WebPage\" itemid=\"http:\/\/12989\" content=\"Maikel\" \/><meta itemprop=\"datePublished\" content=\"2023-11-15\" \/><meta itemprop=\"dateModified\" content=\"2024-06-03\" \/><meta itemprop=\"name\" content=\"Kinderopvang Little People\"\/><meta itemprop=\"url\" content=\"https:\/\/www.kinderopvanglittlepeople.nl\/author\/kantoor\/\" \/><meta itemprop=\"name\" content=\"Debbie Beunis\" \/><meta itemprop=\"url\" content=\"https:\/\/www.kinderopvanglittlepeople.nl\/wp-content\/uploads\/Maikel-scaled.jpg\" \/><meta itemprop=\"width\" content=\"1920\" \/><meta itemprop=\"height\" content=\"2560\" \/><meta itemprop=\"interactionType\" content=\"https:\/\/schema.org\/CommentAction\" \/><meta itemprop=\"userInteractionCount\" content=\"0\" \/>\n\t\t\t\t<a href=\"https:\/\/www.kinderopvanglittlepeople.nl\/pl\/medewerker\/maikel\/\" target=\"_self\" itemprop=\"url\" rel=\"noopener\">\n\t\t\t\t<img loading=\"lazy\" decoding=\"async\" src=\"https:\/\/www.kinderopvanglittlepeople.nl\/wp-content\/uploads\/bb-plugin\/cache\/Maikel-768x1024-portrait-4dc2da2a6100e4e24b6df57f3cd96c1a-.jpg\" alt=\"Maikel\" itemprop=\"image\" data-no-lazy=\"1\" height=\"1024\" width=\"768\" title=\"Maikel\" onerror=\"this.style.display='none'\"  \/>\n\t\t\t\t<\/a>\n\t\t\t\t\t\t\t\t\t<h5 itemprop=\"headline\">\n\t\t\t\t\t\t\t\t\t\t\t\t\t<a href=\"https:\/\/www.kinderopvanglittlepeople.nl\/pl\/medewerker\/maikel\/\" title=\"Maikel\">\n\t\t\t\t\t\t\t\t\t\t\t\t\t\tMaikel\t\t\t\t\t\t\t\t\t\t\t\t\t<\/a>\n\t\t\t\t\t\t\t\t\t\t\t<\/h5>\n    <a href=\"https:\/\/www.kinderopvanglittlepeople.nl\/pl\/medewerker\/maikel\/\" title=\"Maikel\">wi\u0119cej o mnie &gt; o Maikelu<\/a>\n\t<meta itemscope itemprop=\"mainEntityOfPage\" itemtype=\"https:\/\/schema.org\/WebPage\" itemid=\"http:\/\/12931\" content=\"Mees\" \/><meta itemprop=\"datePublished\" content=\"2023-07-20\" \/><meta itemprop=\"dateModified\" content=\"2024-03-08\" \/><meta itemprop=\"name\" content=\"Kinderopvang Little People\"\/><meta itemprop=\"url\" content=\"https:\/\/www.kinderopvanglittlepeople.nl\/author\/kantoor\/\" \/><meta itemprop=\"name\" content=\"Debbie Beunis\" \/><meta itemprop=\"url\" content=\"https:\/\/www.kinderopvanglittlepeople.nl\/wp-content\/uploads\/Mees-1.jpg\" \/><meta itemprop=\"width\" content=\"768\" \/><meta itemprop=\"height\" content=\"1024\" \/><meta itemprop=\"interactionType\" content=\"https:\/\/schema.org\/CommentAction\" \/><meta itemprop=\"userInteractionCount\" content=\"0\" \/>\n\t\t\t\t<a href=\"https:\/\/www.kinderopvanglittlepeople.nl\/pl\/medewerker\/mees\/\" target=\"_self\" itemprop=\"url\" rel=\"noopener\">\n\t\t\t\t<img loading=\"lazy\" decoding=\"async\" src=\"https:\/\/www.kinderopvanglittlepeople.nl\/wp-content\/uploads\/bb-plugin\/cache\/Mees-1-portrait-a6a64169dbcb966fbd3330f89e7c044c-.jpg\" alt=\"Mees\" itemprop=\"image\" data-no-lazy=\"1\" height=\"1024\" width=\"768\" title=\"Mees\" onerror=\"this.style.display='none'\"  \/>\n\t\t\t\t<\/a>\n\t\t\t\t\t\t\t\t\t<h5 itemprop=\"headline\">\n\t\t\t\t\t\t\t\t\t\t\t\t\t<a href=\"https:\/\/www.kinderopvanglittlepeople.nl\/pl\/medewerker\/mees\/\" title=\"Mees\">\n\t\t\t\t\t\t\t\t\t\t\t\t\t\tMees\t\t\t\t\t\t\t\t\t\t\t\t\t<\/a>\n\t\t\t\t\t\t\t\t\t\t\t<\/h5>\n    <a href=\"https:\/\/www.kinderopvanglittlepeople.nl\/pl\/medewerker\/mees\/\" title=\"Mees\">wi\u0119cej o mnie &gt; o Meesie<\/a>\n\t<meta itemscope itemprop=\"mainEntityOfPage\" itemtype=\"https:\/\/schema.org\/WebPage\" itemid=\"http:\/\/12760\" content=\"Nadia\" \/><meta itemprop=\"datePublished\" content=\"2022-12-23\" \/><meta itemprop=\"dateModified\" content=\"2024-06-03\" \/><meta itemprop=\"name\" content=\"Kinderopvang Little People\"\/><meta itemprop=\"url\" content=\"https:\/\/www.kinderopvanglittlepeople.nl\/author\/kantoor\/\" \/><meta itemprop=\"name\" content=\"Debbie Beunis\" \/><meta itemprop=\"url\" content=\"https:\/\/www.kinderopvanglittlepeople.nl\/wp-content\/uploads\/Nadia.jpg\" \/><meta itemprop=\"width\" content=\"960\" \/><meta itemprop=\"height\" content=\"1280\" \/><meta itemprop=\"interactionType\" content=\"https:\/\/schema.org\/CommentAction\" \/><meta itemprop=\"userInteractionCount\" content=\"0\" \/>\n\t\t\t\t<a href=\"https:\/\/www.kinderopvanglittlepeople.nl\/pl\/medewerker\/nadia\/\" target=\"_self\" itemprop=\"url\" rel=\"noopener\">\n\t\t\t\t<img loading=\"lazy\" decoding=\"async\" src=\"https:\/\/www.kinderopvanglittlepeople.nl\/wp-content\/uploads\/bb-plugin\/cache\/Nadia-768x1024-portrait-2d9cde9c510dfdcf9a58bc6225127a6d-.jpg\" alt=\"Nadia\" itemprop=\"image\" data-no-lazy=\"1\" height=\"1024\" width=\"768\" title=\"Nadia\" onerror=\"this.style.display='none'\"  \/>\n\t\t\t\t<\/a>\n\t\t\t\t\t\t\t\t\t<h5 itemprop=\"headline\">\n\t\t\t\t\t\t\t\t\t\t\t\t\t<a href=\"https:\/\/www.kinderopvanglittlepeople.nl\/pl\/medewerker\/nadia\/\" title=\"Nadia\">\n\t\t\t\t\t\t\t\t\t\t\t\t\t\tNadia\t\t\t\t\t\t\t\t\t\t\t\t\t<\/a>\n\t\t\t\t\t\t\t\t\t\t\t<\/h5>\n    <a href=\"https:\/\/www.kinderopvanglittlepeople.nl\/pl\/medewerker\/nadia\/\" title=\"Nadia\">wi\u0119cej o mnie &gt; o Nadii<\/a>\n\t<meta itemscope itemprop=\"mainEntityOfPage\" itemtype=\"https:\/\/schema.org\/WebPage\" itemid=\"http:\/\/11928\" content=\"Natascha\" \/><meta itemprop=\"datePublished\" content=\"2022-03-15\" \/><meta itemprop=\"dateModified\" content=\"2022-12-23\" \/><meta itemprop=\"name\" content=\"Kinderopvang Little People\"\/><meta itemprop=\"url\" content=\"https:\/\/www.kinderopvanglittlepeople.nl\/author\/bestpoint\/\" \/><meta itemprop=\"name\" content=\"bestpoint\" \/><meta itemprop=\"url\" content=\"https:\/\/www.kinderopvanglittlepeople.nl\/wp-content\/uploads\/Natascha-1.jpg\" \/><meta itemprop=\"width\" content=\"480\" \/><meta itemprop=\"height\" content=\"640\" \/><meta itemprop=\"interactionType\" content=\"https:\/\/schema.org\/CommentAction\" \/><meta itemprop=\"userInteractionCount\" content=\"0\" \/>\n\t\t\t\t<a href=\"https:\/\/www.kinderopvanglittlepeople.nl\/pl\/medewerker\/natascha\/\" target=\"_self\" itemprop=\"url\" rel=\"noopener\">\n\t\t\t\t<img loading=\"lazy\" decoding=\"async\" src=\"https:\/\/www.kinderopvanglittlepeople.nl\/wp-content\/uploads\/bb-plugin\/cache\/Natascha-1-portrait-b578163d4b9f8983abd6baa88d4e8a4b-.jpg\" alt=\"Natascha\" itemprop=\"image\" data-no-lazy=\"1\" height=\"640\" width=\"480\" title=\"Natascha\" onerror=\"this.style.display='none'\"  \/>\n\t\t\t\t<\/a>\n\t\t\t\t\t\t\t\t\t<h5 itemprop=\"headline\">\n\t\t\t\t\t\t\t\t\t\t\t\t\t<a href=\"https:\/\/www.kinderopvanglittlepeople.nl\/pl\/medewerker\/natascha\/\" title=\"Natascha\">\n\t\t\t\t\t\t\t\t\t\t\t\t\t\tNatascha\t\t\t\t\t\t\t\t\t\t\t\t\t<\/a>\n\t\t\t\t\t\t\t\t\t\t\t<\/h5>\n    <a href=\"https:\/\/www.kinderopvanglittlepeople.nl\/pl\/medewerker\/natascha\/\" title=\"Natascha\">wi\u0119cej o mnie &gt; o Nataszy<\/a>\n\t<meta itemscope itemprop=\"mainEntityOfPage\" itemtype=\"https:\/\/schema.org\/WebPage\" itemid=\"http:\/\/11940\" content=\"Rachel\" \/><meta itemprop=\"datePublished\" content=\"2022-03-15\" \/><meta itemprop=\"dateModified\" content=\"2024-03-08\" \/><meta itemprop=\"name\" content=\"Kinderopvang Little People\"\/><meta itemprop=\"url\" content=\"https:\/\/www.kinderopvanglittlepeople.nl\/author\/bestpoint\/\" \/><meta itemprop=\"name\" content=\"bestpoint\" \/><meta itemprop=\"url\" content=\"https:\/\/www.kinderopvanglittlepeople.nl\/wp-content\/uploads\/rachel-2.jpg\" \/><meta itemprop=\"width\" content=\"600\" \/><meta itemprop=\"height\" content=\"800\" \/><meta itemprop=\"interactionType\" content=\"https:\/\/schema.org\/CommentAction\" \/><meta itemprop=\"userInteractionCount\" content=\"0\" \/>\n\t\t\t\t<a href=\"https:\/\/www.kinderopvanglittlepeople.nl\/pl\/medewerker\/rachel\/\" target=\"_self\" itemprop=\"url\" rel=\"noopener\">\n\t\t\t\t<img loading=\"lazy\" decoding=\"async\" src=\"https:\/\/www.kinderopvanglittlepeople.nl\/wp-content\/uploads\/bb-plugin\/cache\/rachel-2-portrait-ad41e13839f99864628e5a097e75957e-.jpg\" alt=\"rachel\" itemprop=\"image\" data-no-lazy=\"1\" height=\"800\" width=\"600\" title=\"rachel\" onerror=\"this.style.display='none'\"  \/>\n\t\t\t\t<\/a>\n\t\t\t\t\t\t\t\t\t<h5 itemprop=\"headline\">\n\t\t\t\t\t\t\t\t\t\t\t\t\t<a href=\"https:\/\/www.kinderopvanglittlepeople.nl\/pl\/medewerker\/rachel\/\" title=\"Rachel\">\n\t\t\t\t\t\t\t\t\t\t\t\t\t\tRachel\t\t\t\t\t\t\t\t\t\t\t\t\t<\/a>\n\t\t\t\t\t\t\t\t\t\t\t<\/h5>\n    <a href=\"https:\/\/www.kinderopvanglittlepeople.nl\/pl\/medewerker\/rachel\/\" title=\"Rachel\">wi\u0119cej o mnie &gt; o Rachel<\/a>\n\t<meta itemscope itemprop=\"mainEntityOfPage\" itemtype=\"https:\/\/schema.org\/WebPage\" itemid=\"http:\/\/11933\" content=\"Robin\" \/><meta itemprop=\"datePublished\" content=\"2022-03-15\" \/><meta itemprop=\"dateModified\" content=\"2024-06-03\" \/><meta itemprop=\"name\" content=\"Kinderopvang Little People\"\/><meta itemprop=\"url\" content=\"https:\/\/www.kinderopvanglittlepeople.nl\/author\/bestpoint\/\" \/><meta itemprop=\"name\" content=\"bestpoint\" \/><meta itemprop=\"url\" content=\"https:\/\/www.kinderopvanglittlepeople.nl\/wp-content\/uploads\/Robin_Sneijers-rotated.jpg\" \/><meta itemprop=\"width\" content=\"908\" \/><meta itemprop=\"height\" content=\"2016\" \/><meta itemprop=\"interactionType\" content=\"https:\/\/schema.org\/CommentAction\" \/><meta itemprop=\"userInteractionCount\" content=\"0\" \/>\n\t\t\t\t<a href=\"https:\/\/www.kinderopvanglittlepeople.nl\/pl\/medewerker\/robin\/\" target=\"_self\" itemprop=\"url\" rel=\"noopener\">\n\t\t\t\t<img decoding=\"async\" src=\"https:\/\/www.kinderopvanglittlepeople.nl\/wp-content\/uploads\/bb-plugin\/cache\/Robin_Sneijers-768x1705-portrait-6d6782826f2c156fec0adb435b3170da-.jpg\" alt=\"Robin Sneijers\" itemprop=\"image\" data-no-lazy=\"1\" title=\"Robin Sneijers\" onerror=\"this.style.display='none'\"  \/>\n\t\t\t\t<\/a>\n\t\t\t\t\t\t\t\t\t<h5 itemprop=\"headline\">\n\t\t\t\t\t\t\t\t\t\t\t\t\t<a href=\"https:\/\/www.kinderopvanglittlepeople.nl\/pl\/medewerker\/robin\/\" title=\"Robin\">\n\t\t\t\t\t\t\t\t\t\t\t\t\t\tRobin\t\t\t\t\t\t\t\t\t\t\t\t\t<\/a>\n\t\t\t\t\t\t\t\t\t\t\t<\/h5>\n    <a href=\"https:\/\/www.kinderopvanglittlepeople.nl\/pl\/medewerker\/robin\/\" title=\"Robin\">wi\u0119cej o mnie &gt; o Robinie<\/a>\n\t\t<!-- .pp-content-posts -->\n\t<h2 id=\"tablepress-19-name\" class=\"tablepress-table-name tablepress-table-name-id-19\">Wildhill<\/h2>\n\n<table id=\"tablepress-19\" class=\"tablepress tablepress-id-19\" aria-labelledby=\"tablepress-19-name\">\n<tbody>\n<tr class=\"row-1\">\n\t<td class=\"column-1\">Ma<\/td><td class=\"column-2\"><\/td><td class=\"column-3\">07.00 - 18.30<\/td>\n<\/tr>\n<tr class=\"row-2\">\n\t<td class=\"column-1\">Di<\/td><td class=\"column-2\">-<\/td><td class=\"column-3\">07.00 - 18.30<\/td>\n<\/tr>\n<tr class=\"row-3\">\n\t<td class=\"column-1\">\u015broda<\/td><td class=\"column-2\">-<\/td><td class=\"column-3\">07.00 - 18.30<\/td>\n<\/tr>\n<tr class=\"row-4\">\n\t<td class=\"column-1\">Do<\/td><td class=\"column-2\">-<\/td><td class=\"column-3\">07.00 - 18.30<\/td>\n<\/tr>\n<tr class=\"row-5\">\n\t<td class=\"column-1\">Darmowy<\/td><td class=\"column-2\">-<\/td><td class=\"column-3\">07.00 - 18.30<\/td>\n<\/tr>\n<tr class=\"row-6\">\n\t<td class=\"column-1\">Za<\/td><td class=\"column-2\">-<\/td><td class=\"column-3\">Na \u017c\u0105danie<\/td>\n<\/tr>\n<tr class=\"row-7\">\n\t<td class=\"column-1\">Wi\u0119c<\/td><td class=\"column-2\">-<\/td><td class=\"column-3\">Na \u017c\u0105danie<\/td>\n<\/tr>\n<\/tbody>\n<\/table>\n<!-- #tablepress-19 from cache -->\n\t\t\t<a href=\"https:\/\/www.bestkinderopvang.nl\/rondleiding\/\" target=\"_self\" rel=\"noopener\">\n\t\t\t\t\t\tZam\u00f3w wycieczk\u0119 z przewodnikiem\n\t\t\t\t\t<\/a>\n\t<h3><strong>To miejsce oferuje:<\/strong><\/h3>\n<a href=\"https:\/\/www.kinderopvanglittlepeople.nl\/pl\/dagopvang\/\">Opieka dzienna<\/a><br \/>\n<a href=\"https:\/\/www.kinderopvanglittlepeople.nl\/pl\/4-13-jaar-bso\/\">BSO<br \/>\n<\/a><a href=\"https:\/\/www.kinderopvanglittlepeople.nl\/pl\/kinderopvang\/peuterspeelzaal\/\">Aran\u017cacje dla maluch\u00f3w<\/a>\n\t<h3><strong>Dane adresowe<br \/>\n<\/strong><\/h3>\nWildheuvel 17 \u2013 19<br \/>\n5685 CD Best<br \/>\nTel. 0499-850 352<br \/>\n<a href=\"mailto:%20info@kinderopvanglittlepeople.nl\">info@kinderopvanglittlepeople.nl<\/a>\n\t<h3><strong>Krajowy rejestr opieki nad dzie\u0107mi<\/strong><\/h3>\nNumery LRK:<br \/>\nOpieka dzienna: 158472263<br \/>\nPrzedszkole: 177691153<br \/>\nBSO: 100657084","protected":false},"excerpt":{"rendered":"<p>\u017b\u0142obek Little People \u017b\u0142obek Little People. Kameralna plac\u00f3wka opieki dzienne znajduje si\u0119 tu\u017c obok szko\u0142y podstawowej, w przed\u0142u\u017ceniu \u015bcie\u017cki rowerowej. \u017b\u0142obek Little People stawia na rozw\u00f3j kreatywo\u015bci ka\u017cdego dziecka. Aby uzyska\u0107 jak najlepsze wra\u017cenie z naszej nastrojowej, kameralnej plac\u00f3wki, serdecznie zapraszamy na osobiste spotkanie zapoznawcze.\u2026<\/p>","protected":false},"author":605,"featured_media":11488,"parent":0,"menu_order":0,"comment_status":"closed","ping_status":"closed","template":"","meta":{"footnotes":""},"class_list":["post-183","page","type-page","status-publish","has-post-thumbnail","hentry"],"yoast_head":"<!-- This site is optimized with the Yoast SEO plugin v28.4 - https:\/\/yoast.com\/product\/yoast-seo-wordpress\/ -->\n<title>Heivelden-Heuveleind Kinderopvang Little People in Best<\/title>\n<meta name=\"description\" content=\"Locatie Heivelden-Heuveleind is onderdeel van IKC de Heydonck. Wij bieden opvang voor kinderen van 0-13 jaar in de vorm van dagopvang, peuterwerk en BSO\/VSO\" \/>\n<meta name=\"robots\" content=\"index, follow, max-snippet:-1, max-image-preview:large, max-video-preview:-1\" \/>\n<link rel=\"canonical\" href=\"https:\/\/www.kinderopvanglittlepeople.nl\/pl\/wildheuvel\/\" \/>\n<meta property=\"og:locale\" content=\"pl_PL\" \/>\n<meta property=\"og:type\" content=\"article\" \/>\n<meta property=\"og:title\" content=\"Heivelden-Heuveleind Kinderopvang Little People in Best\" \/>\n<meta property=\"og:description\" content=\"Locatie Heivelden-Heuveleind is onderdeel van IKC de Heydonck. Wij bieden opvang voor kinderen van 0-13 jaar in de vorm van dagopvang, peuterwerk en BSO\/VSO\" \/>\n<meta property=\"og:url\" content=\"https:\/\/www.kinderopvanglittlepeople.nl\/pl\/wildheuvel\/\" \/>\n<meta property=\"og:site_name\" content=\"Kinderopvang Little People\" \/>\n<meta property=\"article:publisher\" content=\"https:\/\/www.facebook.com\/KinderopvangLittlePeople\" \/>\n<meta property=\"article:modified_time\" content=\"2024-10-25T07:27:43+00:00\" \/>\n<meta property=\"og:image\" content=\"https:\/\/www.kinderopvanglittlepeople.nl\/wp-content\/uploads\/heivelden_resultaat.webp\" \/>\n\t<meta property=\"og:image:width\" content=\"664\" \/>\n\t<meta property=\"og:image:height\" content=\"384\" \/>\n\t<meta property=\"og:image:type\" content=\"image\/webp\" \/>\n<meta name=\"twitter:label1\" content=\"Szacowany czas czytania\" \/>\n\t<meta name=\"twitter:data1\" content=\"3 minuty\" \/>\n<script type=\"application\/ld+json\" class=\"yoast-schema-graph\">{\"@context\":\"https:\\\/\\\/schema.org\",\"@graph\":[{\"@type\":\"WebPage\",\"@id\":\"https:\\\/\\\/www.kinderopvanglittlepeople.nl\\\/wildheuvel\\\/\",\"url\":\"https:\\\/\\\/www.kinderopvanglittlepeople.nl\\\/wildheuvel\\\/\",\"name\":\"Heivelden-Heuveleind Kinderopvang Little People in Best\",\"isPartOf\":{\"@id\":\"https:\\\/\\\/www.kinderopvanglittlepeople.nl\\\/#website\"},\"primaryImageOfPage\":{\"@id\":\"https:\\\/\\\/www.kinderopvanglittlepeople.nl\\\/wildheuvel\\\/#primaryimage\"},\"image\":{\"@id\":\"https:\\\/\\\/www.kinderopvanglittlepeople.nl\\\/wildheuvel\\\/#primaryimage\"},\"thumbnailUrl\":\"https:\\\/\\\/www.kinderopvanglittlepeople.nl\\\/wp-content\\\/uploads\\\/heivelden_resultaat.webp\",\"datePublished\":\"2015-07-14T06:52:37+00:00\",\"dateModified\":\"2024-10-25T07:27:43+00:00\",\"description\":\"Locatie Heivelden-Heuveleind is onderdeel van IKC de Heydonck. Wij bieden opvang voor kinderen van 0-13 jaar in de vorm van dagopvang, peuterwerk en BSO\\\/VSO\",\"breadcrumb\":{\"@id\":\"https:\\\/\\\/www.kinderopvanglittlepeople.nl\\\/wildheuvel\\\/#breadcrumb\"},\"inLanguage\":\"pl-PL\",\"potentialAction\":[{\"@type\":\"ReadAction\",\"target\":[\"https:\\\/\\\/www.kinderopvanglittlepeople.nl\\\/wildheuvel\\\/\"]}]},{\"@type\":\"ImageObject\",\"inLanguage\":\"pl-PL\",\"@id\":\"https:\\\/\\\/www.kinderopvanglittlepeople.nl\\\/wildheuvel\\\/#primaryimage\",\"url\":\"https:\\\/\\\/www.kinderopvanglittlepeople.nl\\\/wp-content\\\/uploads\\\/heivelden_resultaat.webp\",\"contentUrl\":\"https:\\\/\\\/www.kinderopvanglittlepeople.nl\\\/wp-content\\\/uploads\\\/heivelden_resultaat.webp\",\"width\":664,\"height\":384},{\"@type\":\"BreadcrumbList\",\"@id\":\"https:\\\/\\\/www.kinderopvanglittlepeople.nl\\\/wildheuvel\\\/#breadcrumb\",\"itemListElement\":[{\"@type\":\"ListItem\",\"position\":1,\"name\":\"Home\",\"item\":\"https:\\\/\\\/www.kinderopvanglittlepeople.nl\\\/\"},{\"@type\":\"ListItem\",\"position\":2,\"name\":\"Locatie Wildheuvel\"}]},{\"@type\":\"WebSite\",\"@id\":\"https:\\\/\\\/www.kinderopvanglittlepeople.nl\\\/#website\",\"url\":\"https:\\\/\\\/www.kinderopvanglittlepeople.nl\\\/\",\"name\":\"Kinderopvang Little People\",\"description\":\"Een huiselijke sfeer, kleinschalig en v\u00e9\u00e9l persoonlijke aandacht voor ieder kind.\",\"publisher\":{\"@id\":\"https:\\\/\\\/www.kinderopvanglittlepeople.nl\\\/#organization\"},\"alternateName\":\"Een huiselijke sfeer, kleinschalig en v\u00e9\u00e9l persoonlijke aandacht voor ieder kind.\",\"potentialAction\":[{\"@type\":\"SearchAction\",\"target\":{\"@type\":\"EntryPoint\",\"urlTemplate\":\"https:\\\/\\\/www.kinderopvanglittlepeople.nl\\\/?s={search_term_string}\"},\"query-input\":{\"@type\":\"PropertyValueSpecification\",\"valueRequired\":true,\"valueName\":\"search_term_string\"}}],\"inLanguage\":\"pl-PL\"},{\"@type\":\"Organization\",\"@id\":\"https:\\\/\\\/www.kinderopvanglittlepeople.nl\\\/#organization\",\"name\":\"Kinderopvang Little People\",\"alternateName\":\"Een huiselijke sfeer, kleinschalig en v\u00e9\u00e9l persoonlijke aandacht voor ieder kind.\",\"url\":\"https:\\\/\\\/www.kinderopvanglittlepeople.nl\\\/\",\"logo\":{\"@type\":\"ImageObject\",\"inLanguage\":\"pl-PL\",\"@id\":\"https:\\\/\\\/www.kinderopvanglittlepeople.nl\\\/#\\\/schema\\\/logo\\\/image\\\/\",\"url\":\"https:\\\/\\\/www.kinderopvanglittlepeople.nl\\\/wp-content\\\/uploads\\\/logo-klp.svg\",\"contentUrl\":\"https:\\\/\\\/www.kinderopvanglittlepeople.nl\\\/wp-content\\\/uploads\\\/logo-klp.svg\",\"width\":1,\"height\":1,\"caption\":\"Kinderopvang Little People\"},\"image\":{\"@id\":\"https:\\\/\\\/www.kinderopvanglittlepeople.nl\\\/#\\\/schema\\\/logo\\\/image\\\/\"},\"sameAs\":[\"https:\\\/\\\/www.facebook.com\\\/KinderopvangLittlePeople\"]}]}<\/script>\n<!-- \/ Yoast SEO plugin. -->","yoast_head_json":{"title":"\u017b\u0142obek i przedszkole Heivelden-Heuveleind Little People w Best","description":"Lokalizacja Heivelden-Heuveleind jest cz\u0119\u015bci\u0105 IKC de Heydonck. Oferujemy opiek\u0119 dla dzieci w wieku 0-13 lat w formie \u017c\u0142obka, zaj\u0119\u0107 dla maluch\u00f3w oraz \u015bwietlicy pozaszkolnej (BSO\/VSO).","robots":{"index":"index","follow":"follow","max-snippet":"max-snippet:-1","max-image-preview":"max-image-preview:large","max-video-preview":"max-video-preview:-1"},"canonical":"https:\/\/www.kinderopvanglittlepeople.nl\/pl\/wildheuvel\/","og_locale":"pl_PL","og_type":"article","og_title":"Heivelden-Heuveleind Kinderopvang Little People in Best","og_description":"Locatie Heivelden-Heuveleind is onderdeel van IKC de Heydonck. Wij bieden opvang voor kinderen van 0-13 jaar in de vorm van dagopvang, peuterwerk en BSO\/VSO","og_url":"https:\/\/www.kinderopvanglittlepeople.nl\/pl\/wildheuvel\/","og_site_name":"Kinderopvang Little People","article_publisher":"https:\/\/www.facebook.com\/KinderopvangLittlePeople","article_modified_time":"2024-10-25T07:27:43+00:00","og_image":[{"width":664,"height":384,"url":"https:\/\/www.kinderopvanglittlepeople.nl\/wp-content\/uploads\/heivelden_resultaat.webp","type":"image\/webp"}],"twitter_misc":{"Szacowany czas czytania":"3 minuty"},"schema":{"@context":"https:\/\/schema.org","@graph":[{"@type":"WebPage","@id":"https:\/\/www.kinderopvanglittlepeople.nl\/wildheuvel\/","url":"https:\/\/www.kinderopvanglittlepeople.nl\/wildheuvel\/","name":"\u017b\u0142obek i przedszkole Heivelden-Heuveleind Little People w Best","isPartOf":{"@id":"https:\/\/www.kinderopvanglittlepeople.nl\/#website"},"primaryImageOfPage":{"@id":"https:\/\/www.kinderopvanglittlepeople.nl\/wildheuvel\/#primaryimage"},"image":{"@id":"https:\/\/www.kinderopvanglittlepeople.nl\/wildheuvel\/#primaryimage"},"thumbnailUrl":"https:\/\/www.kinderopvanglittlepeople.nl\/wp-content\/uploads\/heivelden_resultaat.webp","datePublished":"2015-07-14T06:52:37+00:00","dateModified":"2024-10-25T07:27:43+00:00","description":"Lokalizacja Heivelden-Heuveleind jest cz\u0119\u015bci\u0105 IKC de Heydonck. Oferujemy opiek\u0119 dla dzieci w wieku 0-13 lat w formie \u017c\u0142obka, zaj\u0119\u0107 dla maluch\u00f3w oraz \u015bwietlicy pozaszkolnej (BSO\/VSO).","breadcrumb":{"@id":"https:\/\/www.kinderopvanglittlepeople.nl\/wildheuvel\/#breadcrumb"},"inLanguage":"pl-PL","potentialAction":[{"@type":"ReadAction","target":["https:\/\/www.kinderopvanglittlepeople.nl\/wildheuvel\/"]}]},{"@type":"ImageObject","inLanguage":"pl-PL","@id":"https:\/\/www.kinderopvanglittlepeople.nl\/wildheuvel\/#primaryimage","url":"https:\/\/www.kinderopvanglittlepeople.nl\/wp-content\/uploads\/heivelden_resultaat.webp","contentUrl":"https:\/\/www.kinderopvanglittlepeople.nl\/wp-content\/uploads\/heivelden_resultaat.webp","width":664,"height":384},{"@type":"BreadcrumbList","@id":"https:\/\/www.kinderopvanglittlepeople.nl\/wildheuvel\/#breadcrumb","itemListElement":[{"@type":"ListItem","position":1,"name":"Home","item":"https:\/\/www.kinderopvanglittlepeople.nl\/"},{"@type":"ListItem","position":2,"name":"Locatie Wildheuvel"}]},{"@type":"WebSite","@id":"https:\/\/www.kinderopvanglittlepeople.nl\/#website","url":"https:\/\/www.kinderopvanglittlepeople.nl\/","name":"Opieka nad dzie\u0107mi Little People","description":"Domowa atmosfera, ma\u0142a skala i du\u017co osobistej uwagi dla ka\u017cdego dziecka.","publisher":{"@id":"https:\/\/www.kinderopvanglittlepeople.nl\/#organization"},"alternateName":"Een huiselijke sfeer, kleinschalig en v\u00e9\u00e9l persoonlijke aandacht voor ieder kind.","potentialAction":[{"@type":"SearchAction","target":{"@type":"EntryPoint","urlTemplate":"https:\/\/www.kinderopvanglittlepeople.nl\/?s={search_term_string}"},"query-input":{"@type":"PropertyValueSpecification","valueRequired":true,"valueName":"search_term_string"}}],"inLanguage":"pl-PL"},{"@type":"Organization","@id":"https:\/\/www.kinderopvanglittlepeople.nl\/#organization","name":"Opieka nad dzie\u0107mi Little People","alternateName":"Een huiselijke sfeer, kleinschalig en v\u00e9\u00e9l persoonlijke aandacht voor ieder kind.","url":"https:\/\/www.kinderopvanglittlepeople.nl\/","logo":{"@type":"ImageObject","inLanguage":"pl-PL","@id":"https:\/\/www.kinderopvanglittlepeople.nl\/#\/schema\/logo\/image\/","url":"https:\/\/www.kinderopvanglittlepeople.nl\/wp-content\/uploads\/logo-klp.svg","contentUrl":"https:\/\/www.kinderopvanglittlepeople.nl\/wp-content\/uploads\/logo-klp.svg","width":1,"height":1,"caption":"Kinderopvang Little People"},"image":{"@id":"https:\/\/www.kinderopvanglittlepeople.nl\/#\/schema\/logo\/image\/"},"sameAs":["https:\/\/www.facebook.com\/KinderopvangLittlePeople"]}]}},"_links":{"self":[{"href":"https:\/\/www.kinderopvanglittlepeople.nl\/pl\/wp-json\/wp\/v2\/pages\/183","targetHints":{"allow":["GET"]}}],"collection":[{"href":"https:\/\/www.kinderopvanglittlepeople.nl\/pl\/wp-json\/wp\/v2\/pages"}],"about":[{"href":"https:\/\/www.kinderopvanglittlepeople.nl\/pl\/wp-json\/wp\/v2\/types\/page"}],"author":[{"embeddable":true,"href":"https:\/\/www.kinderopvanglittlepeople.nl\/pl\/wp-json\/wp\/v2\/users\/605"}],"replies":[{"embeddable":true,"href":"https:\/\/www.kinderopvanglittlepeople.nl\/pl\/wp-json\/wp\/v2\/comments?post=183"}],"version-history":[{"count":0,"href":"https:\/\/www.kinderopvanglittlepeople.nl\/pl\/wp-json\/wp\/v2\/pages\/183\/revisions"}],"wp:featuredmedia":[{"embeddable":true,"href":"https:\/\/www.kinderopvanglittlepeople.nl\/pl\/wp-json\/wp\/v2\/media\/11488"}],"wp:attachment":[{"href":"https:\/\/www.kinderopvanglittlepeople.nl\/pl\/wp-json\/wp\/v2\/media?parent=183"}],"curies":[{"name":"wp","href":"https:\/\/api.w.org\/{rel}","templated":true}]}}